{"id":20575,"date":"2022-07-07T09:04:18","date_gmt":"2022-07-07T09:04:18","guid":{"rendered":"https:\/\/mobelland.md\/?post_type=product&#038;p=20575"},"modified":"2025-12-17T12:39:10","modified_gmt":"2025-12-17T12:39:10","slug":"leonardo-vaza-milano-d-14-cm-trandafir-l032956","status":"publish","type":"product","link":"https:\/\/mobelland.md\/ru\/product\/leonardo-vaza-milano-d-14-cm-trandafir-l032956\/","title":{"rendered":"Leonardo Vaza MILANO Rose h. 14 cm (L032956)"},"content":{"rendered":"<p>Evoca\u021bi o oaz\u0103 de bun\u0103stare \u00een casa dvs.: Cu vaza din seria MILANO, nimic nu este mai u\u0219or dec\u00e2t at\u00e2t. L\u0103sa\u021bi aceast\u0103 vaz\u0103 cu form\u0103 atractiv\u0103 s\u0103 v\u0103 duc\u0103 \u00eentr-o lume modern\u0103!\u00a0Nuan\u021ba senzual\u0103 de trandafir subliniaz\u0103 designul modern \u0219i stilat.\u00a0Inspira\u021bi-v\u0103 de un design modern \u0219i armonios &#8211; cu LEONARDO.\u00a0Decorarea poate fi at\u00e2t de u\u0219oar\u0103!\u00a0Nu mai ezita\u021bi &#8211; cel mai bine este s\u0103 comanda\u021bi direct.\u00a0Asigura\u021bi-v\u0103 un punct culminant pentru casa dvs. cu frumoasa vaz\u0103 de culoare trandafir de la LEONARDO!<\/p>\n<div class=\"ProductDetails__Cell ProductDetails__Cell--heavy\"><em><strong>\u0426\u0432\u0435\u0442:<\/strong><\/em>finisaj satinat<\/div>\n<div class=\"ProductDetails__Cell ProductDetails__Cell--heavy\">Te<em><strong>hnica de colorare:<\/strong><\/em>vopsit prin<\/div>\n<div class=\"ProductDetails__Cell ProductDetails__Cell--heavy\"><em><strong>Form\u0103:<\/strong><\/em>mul\u021bumit<\/div>\n<div class=\"ProductDetails__Cell ProductDetails__Cell--heavy\"><em><strong>Serie:<\/strong><\/em>MILANO<\/div>\n<div class=\"ProductDetails__Cell ProductDetails__Cell--heavy\"><em><strong>\u0421\u0442\u0438\u043b\u044c:<\/strong><\/em>modern<\/div>\n<div class=\"ProductDetails__Cell ProductDetails__Cell--heavy\"><em><strong>Tehnologie:<\/strong><\/em>finisaj satinat<\/div>\n<div class=\"ProductDetails__Cell ProductDetails__Cell--heavy\"><em><strong>Ad\u00e2ncime:<\/strong><\/em>6,9 cm<\/div>\n<div class=\"ProductDetails__Cell ProductDetails__Cell--heavy\"><em><strong>Diametru:<\/strong><\/em>6,9 cm<\/div>\n<div class=\"ProductDetails__Cell ProductDetails__Cell--heavy\"><em><strong>\u00cen\u0103l\u0163ime:<\/strong><\/em>14,0 \u0441\u043c<\/div>\n<div class=\"ProductDetails__Cell ProductDetails__Cell--heavy\"><em><strong>Greutate:<\/strong><\/em>0,175 kg<\/div>\n<div class=\"ProductDetails__Cell ProductDetails__Cell--heavy\"><em><strong>Larg:<\/strong><\/em>6,9 cm<\/div>\n<div class=\"ProductDetails__Cell ProductDetails__Cell--heavy\"><em><strong>Num\u0103rul de articol:<\/strong><\/em>032956<\/div>","protected":false},"excerpt":{"rendered":"<ul>\n<li class=\"SellingPoints__SellingPoint\">Vaz\u0103<\/li>\n<li class=\"SellingPoints__SellingPoint\">\u00eentr-o culoare trandafir<\/li>\n<li class=\"SellingPoints__SellingPoint\">din seria MILANO<\/li>\n<\/ul>","protected":false},"featured_media":20576,"template":"","meta":[],"product_cat":[240,54,220,98],"product_tag":[],"_links":{"self":[{"href":"https:\/\/mobelland.md\/ru\/wp-json\/wp\/v2\/product\/20575"}],"collection":[{"href":"https:\/\/mobelland.md\/ru\/wp-json\/wp\/v2\/product"}],"about":[{"href":"https:\/\/mobelland.md\/ru\/wp-json\/wp\/v2\/types\/product"}],"wp:featuredmedia":[{"embeddable":true,"href":"https:\/\/mobelland.md\/ru\/wp-json\/wp\/v2\/media\/20576"}],"wp:attachment":[{"href":"https:\/\/mobelland.md\/ru\/wp-json\/wp\/v2\/media?parent=20575"}],"wp:term":[{"taxonomy":"product_cat","embeddable":true,"href":"https:\/\/mobelland.md\/ru\/wp-json\/wp\/v2\/product_cat?post=20575"},{"taxonomy":"product_tag","embeddable":true,"href":"https:\/\/mobelland.md\/ru\/wp-json\/wp\/v2\/product_tag?post=20575"}],"curies":[{"name":"wp","href":"https:\/\/api.w.org\/{rel}","templated":true}]}}